{"id":6739,"date":"2018-10-02T10:52:17","date_gmt":"2018-10-02T15:52:17","guid":{"rendered":"http:\/\/marketing4u.com.mx\/?page_id=6739"},"modified":"2026-02-06T22:26:28","modified_gmt":"2026-02-06T22:26:28","slug":"aviso-de-privacidad","status":"publish","type":"page","link":"https:\/\/marketing4u.com.mx\/new\/aviso-de-privacidad\/","title":{"rendered":"Aviso de privacidad"},"content":{"rendered":"<p>[et_pb_section fb_built=\u00bb1&#8243; admin_label=\u00bbHead Interna\u00bb _builder_version=\u00bb4.27.5&#8243; _module_preset=\u00bbdefault\u00bb background_enable_image=\u00bboff\u00bb background_position=\u00bbbottom_center\u00bb bottom_divider_style_phone=\u00bbcurve2&#8243; bottom_divider_style_last_edited=\u00bboff|phone\u00bb background_color_phone=\u00bbRGBA(255,255,255,0)\u00bb background_last_edited=\u00bbon|phone\u00bb background_enable_color_phone=\u00bbon\u00bb background_image_tablet=\u00bbhttps:\/\/marketing4u.com.mx\/new\/wp-content\/uploads\/2025\/12\/Fondo-Night-Sky-3840&#215;2160-1-scaled.jpg\u00bb background_image_phone=\u00bbhttps:\/\/marketing4u.com.mx\/new\/wp-content\/uploads\/2025\/12\/Fondo-Night-Sky-3840&#215;2160-1-scaled.jpg\u00bb background_enable_image_tablet=\u00bbon\u00bb background_enable_image_phone=\u00bbon\u00bb border_color_all=\u00bbRGBA(255,255,255,0)\u00bb border_color_top=\u00bbgcid-4548334f-5629-42a0-9988-00b84651d0f0&#8243; border_color_bottom=\u00bbRGBA(255,255,255,0)\u00bb locked=\u00bboff\u00bb collapsed=\u00bbon\u00bb global_colors_info=\u00bb{%22gcid-e31bf5a3-2012-419d-ac6c-da536118ffd3%22:%91%22box_shadow_color%22%93,%22gcid-4548334f-5629-42a0-9988-00b84651d0f0%22:%91%22border_color_top%22%93}\u00bb box_shadow_vertical__hover=\u00bb4px\u00bb box_shadow_vertical__hover_enabled=\u00bbon|desktop\u00bb][et_pb_row admin_label=\u00bbHeader Home\u00bb _builder_version=\u00bb4.27.5&#8243; _module_preset=\u00bbdefault\u00bb background_color=\u00bbRGBA(255,255,255,0)\u00bb width=\u00bb80%\u00bb custom_css_main_element=\u00bbalign-items: center;\u00bb collapsed=\u00bboff\u00bb global_colors_info=\u00bb{}\u00bb][et_pb_column type=\u00bb4_4&#8243; _builder_version=\u00bb4.27.5&#8243; _module_preset=\u00bbdefault\u00bb global_colors_info=\u00bb{}\u00bb][et_pb_divider show_divider=\u00bboff\u00bb admin_label=\u00bb20\/30\/10&#8243; _builder_version=\u00bb4.27.5&#8243; _module_preset=\u00bbdefault\u00bb height=\u00bb20px\u00bb height_tablet=\u00bb30px\u00bb height_phone=\u00bb10px\u00bb height_last_edited=\u00bbon|phone\u00bb global_colors_info=\u00bb{}\u00bb][\/et_pb_divider][et_pb_text admin_label=\u00bbH3&#8243; _builder_version=\u00bb4.27.5&#8243; _module_preset=\u00bbdefault\u00bb header_2_font=\u00bb&#8211;et_global_body_font|500|||||||\u00bb header_2_text_align=\u00bbleft\u00bb header_2_text_color=\u00bb#B2B2B2&#8243; header_2_font_size=\u00bb24px\u00bb header_5_text_align=\u00bbleft\u00bb animation_style=\u00bbnone\u00bb header_2_text_shadow_style=\u00bbnone\u00bb global_colors_info=\u00bb{}\u00bb header_2_text_color__hover_enabled=\u00bboff|desktop\u00bb]<\/p>\n<h3>Aviso de Privacidad<\/h3>\n<p>[\/et_pb_text][et_pb_divider show_divider=\u00bboff\u00bb admin_label=\u00bb10px\u00bb _builder_version=\u00bb4.27.5&#8243; _module_preset=\u00bbdefault\u00bb height=\u00bb10px\u00bb global_colors_info=\u00bb{}\u00bb][\/et_pb_divider][\/et_pb_column][\/et_pb_row][et_pb_row column_structure=\u00bb1_4,1_2,1_4&#8243; disabled_on=\u00bbon|on|off\u00bb admin_label=\u00bbSeparador mouse\u00bb _builder_version=\u00bb4.27.5&#8243; _module_preset=\u00bbdefault\u00bb width=\u00bb60%\u00bb width_tablet=\u00bb60%\u00bb width_phone=\u00bb80%\u00bb width_last_edited=\u00bbon|phone\u00bb global_module=\u00bb19387&#8243; saved_tabs=\u00bball\u00bb locked=\u00bboff\u00bb collapsed=\u00bboff\u00bb global_colors_info=\u00bb{}\u00bb width__hover_enabled=\u00bboff|desktop\u00bb width__hover=\u00bb80%\u00bb][et_pb_column type=\u00bb1_4&#8243; _builder_version=\u00bb4.27.4&#8243; _module_preset=\u00bbdefault\u00bb global_colors_info=\u00bb{}\u00bb][\/et_pb_column][et_pb_column type=\u00bb1_2&#8243; _builder_version=\u00bb4.27.4&#8243; _module_preset=\u00bbdefault\u00bb global_colors_info=\u00bb{}\u00bb][et_pb_divider divider_weight=\u00bb2px\u00bb admin_label=\u00bbLinea\u00bb _builder_version=\u00bb4.27.5&#8243; _module_preset=\u00bbdefault\u00bb custom_margin=\u00bb20px||20px||true|false\u00bb custom_margin_tablet=\u00bb0px||0px||false|false\u00bb custom_margin_phone=\u00bb0px||0px||false|false\u00bb custom_margin_last_edited=\u00bboff|phone\u00bb custom_padding=\u00bb|15px||15px|false|true\u00bb custom_padding_tablet=\u00bb|15px||15px|false|true\u00bb custom_padding_phone=\u00bb|45px||45px|false|true\u00bb custom_padding_last_edited=\u00bboff|phone\u00bb animation_style=\u00bbslide\u00bb animation_intensity_slide=\u00bb100%\u00bb global_colors_info=\u00bb{}\u00bb][\/et_pb_divider][\/et_pb_column][et_pb_column type=\u00bb1_4&#8243; disabled_on=\u00bboff|on|off\u00bb _builder_version=\u00bb4.27.4&#8243; _module_preset=\u00bbdefault\u00bb global_colors_info=\u00bb{}\u00bb][et_pb_image src=\u00bbhttps:\/\/marketing4u.com.mx\/new\/wp-content\/uploads\/2025\/11\/Mouse-Ini.gif\u00bb title_text=\u00bbMouse-Ini\u00bb url=\u00bb#siguiente3&#8243; align_tablet=\u00bbcenter\u00bb align_phone=\u00bbright\u00bb align_last_edited=\u00bbon|desktop\u00bb disabled_on=\u00bboff|on|off\u00bb admin_label=\u00bbMouse\u00bb _builder_version=\u00bb4.27.5&#8243; _module_preset=\u00bbdefault\u00bb height=\u00bb34px\u00bb custom_margin=\u00bb||||false|false\u00bb custom_margin_tablet=\u00bb||||false|false\u00bb custom_margin_phone=\u00bb||||false|false\u00bb custom_margin_last_edited=\u00bboff|phone\u00bb animation_style=\u00bbslide\u00bb animation_direction=\u00bbright\u00bb animation_delay=\u00bb1500ms\u00bb module_alignment_tablet=\u00bbleft\u00bb module_alignment_phone=\u00bbright\u00bb module_alignment_last_edited=\u00bboff|desktop\u00bb global_colors_info=\u00bb{}\u00bb][\/et_pb_image][\/et_pb_column][\/et_pb_row][et_pb_row admin_label=\u00bbH1 internas\u00bb _builder_version=\u00bb4.27.5&#8243; _module_preset=\u00bbdefault\u00bb saved_tabs=\u00bball\u00bb locked=\u00bboff\u00bb collapsed=\u00bboff\u00bb global_colors_info=\u00bb{}\u00bb][et_pb_column type=\u00bb4_4&#8243; _builder_version=\u00bb4.27.5&#8243; _module_preset=\u00bbdefault\u00bb global_colors_info=\u00bb{}\u00bb][et_pb_heading title=\u00bbAviso de privacidad de Agencia de Marketing Digital en Polanco, CDMX, antes DF, M\u00e9xico.\u00bb admin_label=\u00bbH1&#8243; _builder_version=\u00bb4.27.5&#8243; _module_preset=\u00bbdefault\u00bb global_colors_info=\u00bb{}\u00bb][\/et_pb_heading][et_pb_divider show_divider=\u00bboff\u00bb admin_label=\u00bb30px\u00bb _builder_version=\u00bb4.27.5&#8243; _module_preset=\u00bbdefault\u00bb height=\u00bb30px\u00bb height_tablet=\u00bb30px\u00bb height_phone=\u00bb15px\u00bb height_last_edited=\u00bboff|desktop\u00bb locked=\u00bboff\u00bb global_colors_info=\u00bb{}\u00bb][\/et_pb_divider][\/et_pb_column][\/et_pb_row][\/et_pb_section][et_pb_section fb_built=\u00bb1&#8243; disabled_on=\u00bbon|on|on\u00bb admin_label=\u00bbContenido Secci\u00f3n\u00bb module_id=\u00bbexperiencia\u00bb _builder_version=\u00bb4.27.5&#8243; _module_preset=\u00bbdefault\u00bb background_color_tablet=\u00bbRGBA(255,255,255,0)\u00bb background_color_phone=\u00bbRGBA(255,255,255,0)\u00bb background_last_edited=\u00bbon|phone\u00bb background_enable_color_tablet=\u00bbon\u00bb background_enable_color_phone=\u00bboff\u00bb use_background_color_gradient_phone=\u00bbon\u00bb background_color_gradient_direction_phone=\u00bb180deg\u00bb background_color_gradient_stops_phone=\u00bbgcid-1a8442e2-1d6c-43c2-904a-5b8ee1311e6e 0%|gcid-e34f3ca2-7224-432d-8ccc-aa4f155a0aeb 100%\u00bb background_enable_image_phone=\u00bboff\u00bb disabled=\u00bbon\u00bb locked=\u00bboff\u00bb collapsed=\u00bbon\u00bb global_colors_info=\u00bb{%22gcid-e31bf5a3-2012-419d-ac6c-da536118ffd3%22:%91%22bottom_divider_color%22,%22bottom_divider_color%22%93,%22gcid-244a2d3c-0c0e-4230-89fe-2726e56dd23f%22:%91%22background_color_gradient_stops%22,%22background_color_gradient_stops%22%93,%22gcid-e34f3ca2-7224-432d-8ccc-aa4f155a0aeb%22:%91%22background_color_gradient_stops%22,%22background_color%22,%22background_color_gradient_stops%22%93,%22gcid-1a8442e2-1d6c-43c2-904a-5b8ee1311e6e%22:%91%22background_color_gradient_stops%22%93}\u00bb box_shadow_vertical__hover=\u00bb4px\u00bb box_shadow_vertical__hover_enabled=\u00bbon|desktop\u00bb][et_pb_row disabled_on=\u00bboff|off|off\u00bb admin_label=\u00bbFila 1&#8243; _builder_version=\u00bb4.27.5&#8243; _module_preset=\u00bbdefault\u00bb collapsed=\u00bbon\u00bb global_colors_info=\u00bb{}\u00bb][et_pb_column type=\u00bb4_4&#8243; _builder_version=\u00bb4.27.5&#8243; _module_preset=\u00bbdefault\u00bb global_colors_info=\u00bb{}\u00bb][et_pb_divider show_divider=\u00bboff\u00bb admin_label=\u00bb30px\u00bb _builder_version=\u00bb4.27.5&#8243; _module_preset=\u00bbdefault\u00bb height=\u00bb30px\u00bb height_tablet=\u00bb30px\u00bb height_phone=\u00bb15px\u00bb height_last_edited=\u00bboff|desktop\u00bb locked=\u00bboff\u00bb global_colors_info=\u00bb{}\u00bb][\/et_pb_divider][et_pb_text admin_label=\u00bbTexto\u00bb _builder_version=\u00bb4.27.5&#8243; _module_preset=\u00bbdefault\u00bb header_2_font=\u00bb&#8211;et_global_body_font|500|||||||\u00bb header_2_text_align=\u00bbleft\u00bb header_2_text_color=\u00bb#B2B2B2&#8243; header_2_font_size=\u00bb24px\u00bb header_5_text_align=\u00bbleft\u00bb animation_style=\u00bbnone\u00bb header_2_text_shadow_style=\u00bbnone\u00bb global_colors_info=\u00bb{%22gcid-e31bf5a3-2012-419d-ac6c-da536118ffd3%22:%91%22box_shadow_color%22%93,%22gcid-a9465e1a-d935-4673-aa36-02eed9fc860e%22:%91%22header_2_text_color%22%93}\u00bb header_2_text_color__hover_enabled=\u00bboff|desktop\u00bb]<\/p>\n<h2>I. Identidad y domicilio del Responsable<\/h2>\n<p>Ricardo Ferm\u00edn Leiva G\u00f3mez en representaci\u00f3n de MARKETING 4U en cumplimiento a lo establecido en la Ley Federal de Protecci\u00f3n de Datos Personales en Posesi\u00f3n de los Particulares (la \u201cLey\u201d), su Reglamento y los Lineamientos del Aviso de Privacidad, hace de su conocimiento el presente aviso de privacidad integral (el \u201cAviso\u201d) el cual tiene por objeto dar a conocer a los \u201cTitulares\u201d[1] los t\u00e9rminos y condiciones del \u201cTratamiento\u201d[2] de sus \u201cDatos Personales\u201d[3].<\/p>\n<p>Para los efectos del presente Aviso, el Responsable se\u00f1ala como domicilio el ubicado en Calle Lago Zurich, Ampliaci\u00f3n Granada, C.P. 11529, Del. Miguel Hidalgo, Ciudad de M\u00e9xico, M\u00e9xico. Asimismo, se\u00f1ala como medio de contacto de su Responsable Interno de Privacidad mediante el siguiente formulario:<\/p>\n<p>[\/et_pb_text][et_pb_divider show_divider=\u00bboff\u00bb admin_label=\u00bb30px\u00bb _builder_version=\u00bb4.27.5&#8243; _module_preset=\u00bbdefault\u00bb height=\u00bb30px\u00bb height_tablet=\u00bb30px\u00bb height_phone=\u00bb15px\u00bb height_last_edited=\u00bboff|desktop\u00bb locked=\u00bboff\u00bb global_colors_info=\u00bb{}\u00bb][\/et_pb_divider][\/et_pb_column][\/et_pb_row][et_pb_row admin_label=\u00bbFormulario\u00bb _builder_version=\u00bb4.27.5&#8243; _module_preset=\u00bbdefault\u00bb custom_margin_tablet=\u00bb0px||0px||false|false\u00bb custom_margin_phone=\u00bb0px||0px||false|false\u00bb custom_margin_last_edited=\u00bbon|phone\u00bb custom_padding=\u00bb||60px||false|false\u00bb collapsed=\u00bbon\u00bb global_colors_info=\u00bb{}\u00bb][et_pb_column type=\u00bb4_4&#8243; _builder_version=\u00bb4.27.4&#8243; _module_preset=\u00bbdefault\u00bb global_colors_info=\u00bb{}\u00bb][et_pb_divider show_divider=\u00bboff\u00bb admin_label=\u00bb30\/30\/15&#8243; _builder_version=\u00bb4.27.4&#8243; _module_preset=\u00bbdefault\u00bb height=\u00bb30px\u00bb height_tablet=\u00bb30px\u00bb height_phone=\u00bb15px\u00bb height_last_edited=\u00bbon|desktop\u00bb global_colors_info=\u00bb{}\u00bb][\/et_pb_divider][dvppl_cf7_styler _builder_version=\u00bb4.27.5&#8243; _module_preset=\u00bbdefault\u00bb global_colors_info=\u00bb{}\u00bb][\/dvppl_cf7_styler][\/et_pb_column][\/et_pb_row][et_pb_row column_structure=\u00bb1_3,1_3,1_3&#8243; _builder_version=\u00bb4.27.5&#8243; _module_preset=\u00bbdefault\u00bb collapsed=\u00bbon\u00bb global_colors_info=\u00bb{}\u00bb][et_pb_column type=\u00bb1_3&#8243; _builder_version=\u00bb4.27.5&#8243; _module_preset=\u00bbdefault\u00bb global_colors_info=\u00bb{}\u00bb][\/et_pb_column][et_pb_column type=\u00bb1_3&#8243; _builder_version=\u00bb4.27.5&#8243; _module_preset=\u00bbdefault\u00bb global_colors_info=\u00bb{}\u00bb][\/et_pb_column][et_pb_column type=\u00bb1_3&#8243; _builder_version=\u00bb4.27.5&#8243; _module_preset=\u00bbdefault\u00bb global_colors_info=\u00bb{}\u00bb][\/et_pb_column][\/et_pb_row][et_pb_row disabled_on=\u00bboff|off|off\u00bb admin_label=\u00bbFila 2&#8243; _builder_version=\u00bb4.27.5&#8243; _module_preset=\u00bbdefault\u00bb collapsed=\u00bbon\u00bb global_colors_info=\u00bb{}\u00bb][et_pb_column type=\u00bb4_4&#8243; _builder_version=\u00bb4.27.5&#8243; _module_preset=\u00bbdefault\u00bb global_colors_info=\u00bb{}\u00bb][et_pb_text admin_label=\u00bbTexto\u00bb _builder_version=\u00bb4.27.5&#8243; _module_preset=\u00bbdefault\u00bb header_2_font=\u00bb&#8211;et_global_body_font|500|||||||\u00bb header_2_text_align=\u00bbleft\u00bb header_2_text_color=\u00bb#B2B2B2&#8243; header_2_font_size=\u00bb24px\u00bb header_5_text_align=\u00bbleft\u00bb animation_style=\u00bbnone\u00bb header_2_text_shadow_style=\u00bbnone\u00bb global_colors_info=\u00bb{%22gcid-e31bf5a3-2012-419d-ac6c-da536118ffd3%22:%91%22box_shadow_color%22%93,%22gcid-a9465e1a-d935-4673-aa36-02eed9fc860e%22:%91%22header_2_text_color%22%93}\u00bb header_2_text_color__hover_enabled=\u00bboff|desktop\u00bb]<\/p>\n<h2>II. Finalidad del Tratamiento de los Datos Personales<\/h2>\n<p>Los Datos Personales de los Titulares son recabados para las siguientes finalidades primarias que dan origen y son necesarias para la relaci\u00f3n jur\u00eddica entre la Responsable y el Titular:<\/p>\n<ol>\n<li>Asesor\u00eda, contrataci\u00f3n y operaci\u00f3n de servicios y productos de Mercadotecnia por Internet.<\/li>\n<li>Verificar y confirmar su identidad, as\u00ed como la autenticidad de la informaci\u00f3n que nos proporcione, incluyendo la de sus terceros autorizados[4] seg\u00fan resulte aplicable;<\/li>\n<li>Env\u00edo de informaci\u00f3n y\/o promociones v\u00eda email<\/li>\n<li>Integraci\u00f3n de expedientes de clientes;<\/li>\n<li>Actualizaci\u00f3n de expedientes de clientes;<\/li>\n<li>Realizaci\u00f3n de estudios de mercado de manera disociada[5];<\/li>\n<li>Atender comentarios, quejas y sugerencias;<\/li>\n<li>Para atender los requerimientos legales de las autoridades competentes.<\/li>\n<\/ol>\n<p>Asimismo, se tratar\u00e1n los Datos Personales del Titular, para las siguientes finalidades secundarias que no son necesarias para la relaci\u00f3n jur\u00eddica entre la Responsable y el Titular, o en su car\u00e1cter de Persona F\u00edsica Relacionada, pero permiten y facilitan a la Responsable brindarle una mejor atenci\u00f3n:<\/p>\n<ol>\n<li>Dise\u00f1o, desarrollo, an\u00e1lisis, publicidad y\/o promoci\u00f3n de nuevos productos y servicios;<\/li>\n<li>Ofrecimiento de beneficios y descuentos sobre productos contratados, y<\/li>\n<li>Realizaci\u00f3n de encuestas.<\/li>\n<\/ol>\n<p>El Titular podr\u00e1 negarse al Tratamiento de sus Datos Personales para alguna o todas las finalidades secundarias se\u00f1aladas a trav\u00e9s del mecanismo dise\u00f1ado por la Responsable desplegado en los apartados VI y VII del presente Aviso. La negativa para el uso de los Datos Personales del Titular para esas finalidades secundarias no ser\u00e1 motivo para que le neguemos los servicios y productos que solicita o contrata con nosotros, ni para dar por terminada la relaci\u00f3n jur\u00eddica establecida entre nosotros.<\/p>\n<p>[\/et_pb_text][\/et_pb_column][\/et_pb_row][et_pb_row admin_label=\u00bbFila 3&#8243; _builder_version=\u00bb4.27.5&#8243; _module_preset=\u00bbdefault\u00bb collapsed=\u00bbon\u00bb global_colors_info=\u00bb{}\u00bb][et_pb_column type=\u00bb4_4&#8243; _builder_version=\u00bb4.27.5&#8243; _module_preset=\u00bbdefault\u00bb global_colors_info=\u00bb{}\u00bb][et_pb_divider show_divider=\u00bboff\u00bb admin_label=\u00bb30px\u00bb _builder_version=\u00bb4.27.5&#8243; _module_preset=\u00bbdefault\u00bb height=\u00bb30px\u00bb height_tablet=\u00bb30px\u00bb height_phone=\u00bb15px\u00bb height_last_edited=\u00bboff|desktop\u00bb locked=\u00bboff\u00bb global_colors_info=\u00bb{}\u00bb][\/et_pb_divider][et_pb_text admin_label=\u00bbTexto\u00bb _builder_version=\u00bb4.27.5&#8243; _module_preset=\u00bbdefault\u00bb header_2_font=\u00bb&#8211;et_global_body_font|500|||||||\u00bb header_2_text_align=\u00bbleft\u00bb header_2_text_color=\u00bb#B2B2B2&#8243; header_2_font_size=\u00bb24px\u00bb header_5_text_align=\u00bbleft\u00bb animation_style=\u00bbnone\u00bb header_2_text_shadow_style=\u00bbnone\u00bb global_colors_info=\u00bb{}\u00bb header_2_text_color__hover_enabled=\u00bboff|desktop\u00bb]<\/p>\n<h2>III. Datos Personales a recabar<\/h2>\n<p>Para llevar a cabo las finalidades antes mencionadas ser\u00e1n objeto de Tratamiento las siguientes categor\u00edas de Datos Personales: (a) datos de identificaci\u00f3n y contacto, (b) datos de ocupaci\u00f3n y empleo, (c) datos financieros, (d)datos relacionados con la empresa en que trabaja o representa.<\/p>\n<p>IV. Medios para recabar Datos Personales<\/p>\n<p>La Responsable obtendr\u00e1 los Datos Personales de las siguientes formas: (a) cuando el Titular acuda a las oficinas o sucursales de la Responsable o los funcionarios o empleados de la Responsable acudan a su domicilio, (b) cuando el Titular proporcione sus Datos Personales a trav\u00e9s de medios electr\u00f3nicos, tales como correos electr\u00f3nicos, nuestra p\u00e1gina de Internet, v\u00eda telef\u00f3nica, y\/o (c) de cualquier otra fuente de informaci\u00f3n p\u00fablicamente disponible o permitida por la normatividad aplicable.<\/p>\n<p>Los Datos Personales ser\u00e1n mantenidos en estricta confidencialidad, de conformidad con las medidas de seguridad administrativas, t\u00e9cnicas y f\u00edsicas que al efecto la Responsable cuenta en sus pol\u00edticas y procedimientos de seguridad.<\/p>\n<p>[\/et_pb_text][\/et_pb_column][\/et_pb_row][et_pb_row admin_label=\u00bbFila 4&#8243; _builder_version=\u00bb4.27.5&#8243; _module_preset=\u00bbdefault\u00bb collapsed=\u00bbon\u00bb global_colors_info=\u00bb{}\u00bb][et_pb_column type=\u00bb4_4&#8243; _builder_version=\u00bb4.27.5&#8243; _module_preset=\u00bbdefault\u00bb global_colors_info=\u00bb{}\u00bb][et_pb_divider show_divider=\u00bboff\u00bb admin_label=\u00bb30px\u00bb _builder_version=\u00bb4.27.5&#8243; _module_preset=\u00bbdefault\u00bb height=\u00bb30px\u00bb height_tablet=\u00bb30px\u00bb height_phone=\u00bb15px\u00bb height_last_edited=\u00bboff|desktop\u00bb locked=\u00bboff\u00bb global_colors_info=\u00bb{}\u00bb][\/et_pb_divider][et_pb_text admin_label=\u00bbTexto\u00bb _builder_version=\u00bb4.27.5&#8243; _module_preset=\u00bbdefault\u00bb header_2_font=\u00bb&#8211;et_global_body_font|500|||||||\u00bb header_2_text_align=\u00bbleft\u00bb header_2_text_color=\u00bb#B2B2B2&#8243; header_2_font_size=\u00bb24px\u00bb header_5_text_align=\u00bbleft\u00bb animation_style=\u00bbnone\u00bb header_2_text_shadow_style=\u00bbnone\u00bb global_colors_info=\u00bb{}\u00bb header_2_text_color__hover_enabled=\u00bboff|desktop\u00bb]<\/p>\n<h2>IV. Medios para recabar Datos Personales<\/h2>\n<p>La Responsable obtendr\u00e1 los Datos Personales de las siguientes formas: (a) cuando el Titular acuda a las oficinas o sucursales de la Responsable o los funcionarios o empleados de la Responsable acudan a su domicilio, (b) cuando el Titular proporcione sus Datos Personales a trav\u00e9s de medios electr\u00f3nicos, tales como correos electr\u00f3nicos, nuestra p\u00e1gina de Internet, v\u00eda telef\u00f3nica, y\/o (c) de cualquier otra fuente de informaci\u00f3n p\u00fablicamente disponible o permitida por la normatividad aplicable.<\/p>\n<p>Los Datos Personales ser\u00e1n mantenidos en estricta confidencialidad, de conformidad con las medidas de seguridad administrativas, t\u00e9cnicas y f\u00edsicas que al efecto la Responsable cuenta en sus pol\u00edticas y procedimientos de seguridad.<\/p>\n<p>[\/et_pb_text][\/et_pb_column][\/et_pb_row][et_pb_row admin_label=\u00bbFila 5&#8243; _builder_version=\u00bb4.27.5&#8243; _module_preset=\u00bbdefault\u00bb collapsed=\u00bbon\u00bb global_colors_info=\u00bb{}\u00bb][et_pb_column type=\u00bb4_4&#8243; _builder_version=\u00bb4.27.5&#8243; _module_preset=\u00bbdefault\u00bb global_colors_info=\u00bb{}\u00bb][et_pb_divider show_divider=\u00bboff\u00bb admin_label=\u00bb30px\u00bb _builder_version=\u00bb4.27.5&#8243; _module_preset=\u00bbdefault\u00bb height=\u00bb30px\u00bb height_tablet=\u00bb30px\u00bb height_phone=\u00bb15px\u00bb height_last_edited=\u00bboff|desktop\u00bb locked=\u00bboff\u00bb global_colors_info=\u00bb{}\u00bb][\/et_pb_divider][et_pb_text admin_label=\u00bbTexto\u00bb _builder_version=\u00bb4.27.5&#8243; _module_preset=\u00bbdefault\u00bb header_2_font=\u00bb&#8211;et_global_body_font|500|||||||\u00bb header_2_text_align=\u00bbleft\u00bb header_2_text_color=\u00bb#B2B2B2&#8243; header_2_font_size=\u00bb24px\u00bb header_5_text_align=\u00bbleft\u00bb animation_style=\u00bbnone\u00bb header_2_text_shadow_style=\u00bbnone\u00bb global_colors_info=\u00bb{}\u00bb header_2_text_color__hover_enabled=\u00bboff|desktop\u00bb]<\/p>\n<h2>V. Transferencia de Datos Personales.<\/h2>\n<p>Le informamos que la Responsable \u00fanicamente podr\u00e1 realizar la \u201cTransferencia\u201d[6] de los Datos Personales a terceros autorizados y\/o su Remisi\u00f3n[7] a los \u201cEncargados\u201d[8], dentro y fuera del pa\u00eds, sin necesidad de contar con el consentimiento del Titular, en los casos permitidos por la normatividad aplicable como los siguientes: (a) a favor de su sociedad controladora o matriz, subsidiarias o afiliadas, y\/o cualquier sociedad que pertenezca al mismo grupo de la Responsable, y que operan bajo los mismos procesos y pol\u00edticas de privacidad, y acordes a las legislaciones locales en las que se encuentran (b) agentes, corresponsales y\/o terceros proveedores de servicios autorizados necesarios para la prestaci\u00f3n de los servicios o productos contratados o que pretenda contratar el Titular y\/o para el cumplimiento de las obligaciones legales de la Responsable, (c) socios comerciales con los que la Responsable lleve a cabo convenios para la prestaci\u00f3n de los servicios o productos contratados o que pretenda contratar el Titular, y\/o (d) a otras autoridades competentes y aplicables a cada caso en particular.<\/p>\n<p>Los terceros autorizados a quienes se transfieran los Datos Personales, conocen el alcance de este Aviso y asumen las mismas obligaciones de la Responsable, de conformidad con el mismo y la normatividad aplicable. En este sentido, para la Responsable, la confidencialidad y debida protecci\u00f3n de su informaci\u00f3n es de m\u00e1xima importancia, raz\u00f3n por la cual est\u00e1 comprometida a manejar su informaci\u00f3n de manera responsable, de manera confidencial y conforme a las disposiciones legales aplicables.<\/p>\n<p>El Titular que pretenda contratar los servicios o productos de la Responsable, en nombre propio o en representaci\u00f3n de terceros, acepta la Transferencia de los Datos Personales en los t\u00e9rminos antes descritos. Fuera de esos supuestos, ninguno de los Datos Personales que tratemos ser\u00e1 objeto de Transferencia, salvo previa autorizaci\u00f3n expresa de su Titular y acorde a sus intereses y expectativas razonables de privacidad que indica la normatividad en protecci\u00f3n de datos.<\/p>\n<p>[\/et_pb_text][\/et_pb_column][\/et_pb_row][et_pb_row admin_label=\u00bbFila 6&#8243; _builder_version=\u00bb4.27.5&#8243; _module_preset=\u00bbdefault\u00bb collapsed=\u00bbon\u00bb global_colors_info=\u00bb{}\u00bb][et_pb_column type=\u00bb4_4&#8243; _builder_version=\u00bb4.27.5&#8243; _module_preset=\u00bbdefault\u00bb global_colors_info=\u00bb{}\u00bb][et_pb_divider show_divider=\u00bboff\u00bb admin_label=\u00bb30px\u00bb _builder_version=\u00bb4.27.5&#8243; _module_preset=\u00bbdefault\u00bb height=\u00bb30px\u00bb height_tablet=\u00bb30px\u00bb height_phone=\u00bb15px\u00bb height_last_edited=\u00bboff|desktop\u00bb locked=\u00bboff\u00bb global_colors_info=\u00bb{}\u00bb][\/et_pb_divider][et_pb_text admin_label=\u00bbTexto\u00bb _builder_version=\u00bb4.27.5&#8243; _module_preset=\u00bbdefault\u00bb header_2_font=\u00bb&#8211;et_global_body_font|500|||||||\u00bb header_2_text_align=\u00bbleft\u00bb header_2_text_color=\u00bb#B2B2B2&#8243; header_2_font_size=\u00bb24px\u00bb header_5_text_align=\u00bbleft\u00bb animation_style=\u00bbnone\u00bb header_2_text_shadow_style=\u00bbnone\u00bb global_colors_info=\u00bb{}\u00bb header_2_text_color__hover_enabled=\u00bboff|desktop\u00bb]<\/p>\n<h2>VI. Medios y procedimientos para ejercer los Derechos ARCO<\/h2>\n<p>Todo Titular tiene derecho a conocer qu\u00e9 Datos Personales tiene la Responsable en su posesi\u00f3n leg\u00edtima, para qu\u00e9 los utiliza y las condiciones de uso que se le dan a los mismos (Acceso). Asimismo, es su derecho solicitar la correcci\u00f3n de su informaci\u00f3n personal en caso de que est\u00e9 desactualizada, sea inexacta o incompleta (Rectificaci\u00f3n); que la Responsable elimine de sus bases de datos, previo periodo legal de bloqueo en caso de que aplique, y siempre que se hayan cumplido las obligaciones y derechos legales entre el Titular y la Responsable, por lo que ha fenecido toda relaci\u00f3n jur\u00eddica entre las Partes y, por lo tanto, es procedente la supresi\u00f3n legal y t\u00e9cnica de los Datos Personales (Cancelaci\u00f3n); as\u00ed como oponerse al uso de sus Datos Personales para finalidades secundarias espec\u00edficas autorizadas por la normatividad (Oposici\u00f3n). Estos derechos se conocen internacionalmente bajo el acr\u00f3nimo \u201cDerechos ARCO\u201d.<\/p>\n<p>El Titular, o su representante legal, podr\u00e1 ejercer cualquiera de los Derechos ARCO, as\u00ed como revocar su consentimiento para el tratamiento de sus datos personales, enviando un mensaje al Responsable Interno de Privacidad de la Responsable a trav\u00e9s del formulario arriba publicado.<\/p>\n<p>En caso de que el Titular decida ejercer sus derechos ARCO, este ejercicio deber\u00e1 ser presentado a trav\u00e9s de la \u201cSolicitud ARCO\u201d (en lo sucesivo \u201cSolicitud\u201d) elaborada por la Responsable que se encuentra a su disposici\u00f3n en la p\u00e1gina web https:\/\/marketing4u.com.mx y que contiene todos los elementos requeridos para poder atender su Solicitud, conforme a la normatividad, de manera \u00e1gil y precisa. Para que el Responsable Interno de Privacidad de la Responsable pueda darle seguimiento a la petici\u00f3n, el Titular, o su representante legal, deber\u00e1 acreditar correctamente su identidad, para lo que es necesario que complete todos los campos indicados en la Solicitud y que acompa\u00f1e la misma con copia de alguna de las identificaciones oficiales vigentes que en ella se se\u00f1alan.<\/p>\n<p>En caso de que la informaci\u00f3n proporcionada en la Solicitud, sea err\u00f3nea o insuficiente, o bien, no se acompa\u00f1en los documentos de acreditaci\u00f3n correspondientes, el Responsable Interno de Privacidad de la Responsable podr\u00e1, a m\u00e1s tardar, dentro de los cinco (5) d\u00edas h\u00e1biles siguientes a la recepci\u00f3n de la Solicitud, requerirle que aporte los elementos, la informaci\u00f3n o los documentos necesarios para dar tr\u00e1mite a la misma. El Titular contar\u00e1 con diez (10) d\u00edas h\u00e1biles para atender el requerimiento, contados a partir del d\u00eda siguiente en que lo haya recibido. De no dar respuesta en dicho plazo, se tendr\u00e1 por no presentada la Solicitud correspondiente.<\/p>\n<p>El Responsable Interno de Privacidad le comunicar\u00e1 al Titular la determinaci\u00f3n adoptada, en un plazo m\u00e1ximo de veinte (20) d\u00edas h\u00e1biles contados desde la fecha en que se recibi\u00f3 la Solicitud, a efecto de que, si resulta procedente, haga efectiva la misma dentro de los quince (15) d\u00edas h\u00e1biles siguientes a que se comunique la respuesta. La resoluci\u00f3n a la Solicitud le ser\u00e1 entregada al Titular a trav\u00e9s de copias simples y\/o documentos electr\u00f3nicos y\/o formularios, sistemas u otros m\u00e9todos simplificados, dependiendo del Derecho ARCO que aplique en cada caso. Tambi\u00e9n se le entregar\u00e1 una constancia que certifica el efectivo ejercicio de su Derecho ARCO.<\/p>\n<p>[\/et_pb_text][\/et_pb_column][\/et_pb_row][et_pb_row admin_label=\u00bbFila 7&#8243; _builder_version=\u00bb4.27.5&#8243; _module_preset=\u00bbdefault\u00bb collapsed=\u00bbon\u00bb global_colors_info=\u00bb{}\u00bb][et_pb_column type=\u00bb4_4&#8243; _builder_version=\u00bb4.27.5&#8243; _module_preset=\u00bbdefault\u00bb global_colors_info=\u00bb{}\u00bb][et_pb_divider show_divider=\u00bboff\u00bb admin_label=\u00bb30px\u00bb _builder_version=\u00bb4.27.5&#8243; _module_preset=\u00bbdefault\u00bb height=\u00bb30px\u00bb height_tablet=\u00bb30px\u00bb height_phone=\u00bb15px\u00bb height_last_edited=\u00bboff|desktop\u00bb locked=\u00bboff\u00bb global_colors_info=\u00bb{}\u00bb][\/et_pb_divider][et_pb_text admin_label=\u00bbTexto\u00bb _builder_version=\u00bb4.27.5&#8243; _module_preset=\u00bbdefault\u00bb header_2_font=\u00bb&#8211;et_global_body_font|500|||||||\u00bb header_2_text_align=\u00bbleft\u00bb header_2_text_color=\u00bb#B2B2B2&#8243; header_2_font_size=\u00bb24px\u00bb header_5_text_align=\u00bbleft\u00bb animation_style=\u00bbnone\u00bb header_2_text_shadow_style=\u00bbnone\u00bb global_colors_info=\u00bb{}\u00bb header_2_text_color__hover_enabled=\u00bboff|desktop\u00bb]<\/p>\n<h2>VII. Revocaci\u00f3n de consentimiento<\/h2>\n<p>Como Titular, puede revocar el consentimiento que, en su caso, haya otorgado a la Responsable para el Tratamiento de sus Datos Personales, de conformidad con la normatividad aplicable. Sin embargo, es importante que tenga en cuenta lo siguiente: (a) no en todos los casos podremos atender su solicitud o concluir el uso de sus Datos Personales de forma inmediata, ya que es posible que estemos obligados legalmente a seguir trat\u00e1ndolos y (b) para ciertos fines, la revocaci\u00f3n de su consentimiento implicar\u00e1 que no le podamos seguir prestando el servicio solicitado o que sea necesario concluir su relaci\u00f3n con nosotros por tratarse de una finalidad primaria necesaria para el correcto desempe\u00f1o de los servicios y\/o productos contratados por usted.<\/p>\n<p>Los requisitos para acreditar su identidad, as\u00ed como el procedimiento para atender su solicitud de revocaci\u00f3n de consentimiento, se regir\u00e1n por los mismos criterios se\u00f1alados en el inciso VI del presente Aviso. En caso de que su Solicitud resulte procedente, el Responsable Interno de Privacidad lo registrar\u00e1 en el listado de exclusi\u00f3n interno de la Responsable y, como resultado, cesar\u00e1 el tratamiento de sus datos personales avocado a la finalidad para la cual es aplicable la exclusi\u00f3n.<\/p>\n<p>[\/et_pb_text][\/et_pb_column][\/et_pb_row][et_pb_row admin_label=\u00bbFila 8&#8243; _builder_version=\u00bb4.27.5&#8243; _module_preset=\u00bbdefault\u00bb collapsed=\u00bbon\u00bb global_colors_info=\u00bb{}\u00bb][et_pb_column type=\u00bb4_4&#8243; _builder_version=\u00bb4.27.5&#8243; _module_preset=\u00bbdefault\u00bb global_colors_info=\u00bb{}\u00bb][et_pb_divider show_divider=\u00bboff\u00bb admin_label=\u00bb30px\u00bb _builder_version=\u00bb4.27.5&#8243; _module_preset=\u00bbdefault\u00bb height=\u00bb30px\u00bb height_tablet=\u00bb30px\u00bb height_phone=\u00bb15px\u00bb height_last_edited=\u00bboff|desktop\u00bb locked=\u00bboff\u00bb global_colors_info=\u00bb{}\u00bb][\/et_pb_divider][et_pb_text admin_label=\u00bbTexto\u00bb _builder_version=\u00bb4.27.5&#8243; _module_preset=\u00bbdefault\u00bb header_2_font=\u00bb&#8211;et_global_body_font|500|||||||\u00bb header_2_text_align=\u00bbleft\u00bb header_2_text_color=\u00bb#B2B2B2&#8243; header_2_font_size=\u00bb24px\u00bb header_5_text_align=\u00bbleft\u00bb animation_style=\u00bbnone\u00bb header_2_text_shadow_style=\u00bbnone\u00bb global_colors_info=\u00bb{}\u00bb header_2_text_color__hover_enabled=\u00bboff|desktop\u00bb]<\/p>\n<h2>VIII. Opciones y medios para limitar el uso o divulgaci\u00f3n de Datos Personales<\/h2>\n<p>En caso de que el Titular requiera que sus Datos Personales no sean utilizados para recibir publicidad o promociones, usted podr\u00e1 limitar el uso y\/o divulgaci\u00f3n de sus Datos Personales enviando un mensaje al Responsable Interno de Privacidad de la Responsable a trav\u00e9s del formulario arriba publicado.<\/p>\n<p>Los requisitos para acreditar su identidad, as\u00ed como el procedimiento para atender su solicitud de limitar el uso y\/o divulgaci\u00f3n de sus Datos Personales, se regir\u00e1n por los mismos criterios se\u00f1alados en el inciso VI del presente Aviso. En caso de que su solicitud resulte procedente, el Responsable Interno de Privacidad lo registrar\u00e1 en el listado de exclusi\u00f3n interno de la Responsable y, como resultado, cesar\u00e1 el tratamiento de sus Datos Personales avocado a la finalidad para la cual es aplicable la exclusi\u00f3n.<\/p>\n<p>[\/et_pb_text][\/et_pb_column][\/et_pb_row][et_pb_row admin_label=\u00bbFila 9&#8243; _builder_version=\u00bb4.27.5&#8243; _module_preset=\u00bbdefault\u00bb collapsed=\u00bbon\u00bb global_colors_info=\u00bb{}\u00bb][et_pb_column type=\u00bb4_4&#8243; _builder_version=\u00bb4.27.5&#8243; _module_preset=\u00bbdefault\u00bb global_colors_info=\u00bb{}\u00bb][et_pb_divider show_divider=\u00bboff\u00bb admin_label=\u00bb30px\u00bb _builder_version=\u00bb4.27.5&#8243; _module_preset=\u00bbdefault\u00bb height=\u00bb30px\u00bb height_tablet=\u00bb30px\u00bb height_phone=\u00bb15px\u00bb height_last_edited=\u00bboff|desktop\u00bb locked=\u00bboff\u00bb global_colors_info=\u00bb{}\u00bb][\/et_pb_divider][et_pb_text admin_label=\u00bbTexto\u00bb _builder_version=\u00bb4.27.5&#8243; _module_preset=\u00bbdefault\u00bb header_2_font=\u00bb&#8211;et_global_body_font|500|||||||\u00bb header_2_text_align=\u00bbleft\u00bb header_2_text_color=\u00bb#B2B2B2&#8243; header_2_font_size=\u00bb24px\u00bb header_5_text_align=\u00bbleft\u00bb animation_style=\u00bbnone\u00bb header_2_text_shadow_style=\u00bbnone\u00bb global_colors_info=\u00bb{}\u00bb header_2_text_color__hover_enabled=\u00bboff|desktop\u00bb]<\/p>\n<h2>IX. Uso de \u201ccookies\u201d<\/h2>\n<p>La Responsable utiliza \u201ccookies\u201d y otras tecnolog\u00edas a trav\u00e9s de las cuales es posible monitorear su comportamiento como usuario de Internet, brindarle un mejor servicio y experiencia de usuario al navegar en nuestra p\u00e1gina, as\u00ed como ofrecerle nuevos productos y servicios basados en sus preferencias.<\/p>\n<p>Los Datos Personales que obtenemos de esas tecnolog\u00edas de rastreo son los siguientes: horario de navegaci\u00f3n, tiempo de navegaci\u00f3n en nuestra p\u00e1gina de Internet, secciones consultadas y p\u00e1ginas de Internet accedidas previo a la nuestra.<\/p>\n<p>Las Transferencias y, en su caso, remisiones de esos Datos Personales estar\u00e1n sujetas a lo previsto en el apartado V anterior.<\/p>\n<p>La configuraci\u00f3n de su equipo puede aceptar \u201ccookies\u201d autom\u00e1ticamente, pero si lo prefiere, puede modificar la configuraci\u00f3n de su equipo para rechazarlas. Si elige rechazar las \u201ccookies\u201d no ser\u00e1 posible para la Responsable almacenar sus preferencias en el sitio web.<\/p>\n<p>[\/et_pb_text][\/et_pb_column][\/et_pb_row][et_pb_row admin_label=\u00bbFila 10&#8243; _builder_version=\u00bb4.27.5&#8243; _module_preset=\u00bbdefault\u00bb collapsed=\u00bbon\u00bb global_colors_info=\u00bb{}\u00bb][et_pb_column type=\u00bb4_4&#8243; _builder_version=\u00bb4.27.5&#8243; _module_preset=\u00bbdefault\u00bb global_colors_info=\u00bb{}\u00bb][et_pb_divider show_divider=\u00bboff\u00bb admin_label=\u00bb30px\u00bb _builder_version=\u00bb4.27.5&#8243; _module_preset=\u00bbdefault\u00bb height=\u00bb30px\u00bb height_tablet=\u00bb30px\u00bb height_phone=\u00bb15px\u00bb height_last_edited=\u00bboff|desktop\u00bb locked=\u00bboff\u00bb global_colors_info=\u00bb{}\u00bb][\/et_pb_divider][et_pb_text admin_label=\u00bbTexto\u00bb _builder_version=\u00bb4.27.5&#8243; _module_preset=\u00bbdefault\u00bb header_2_font=\u00bb&#8211;et_global_body_font|500|||||||\u00bb header_2_text_align=\u00bbleft\u00bb header_2_text_color=\u00bb#B2B2B2&#8243; header_2_font_size=\u00bb24px\u00bb header_5_text_align=\u00bbleft\u00bb animation_style=\u00bbnone\u00bb header_2_text_shadow_style=\u00bbnone\u00bb global_colors_info=\u00bb{}\u00bb header_2_text_color__hover_enabled=\u00bboff|desktop\u00bb]<\/p>\n<h2>X. Modificaciones y actualizaciones al presente aviso de privacidad<\/h2>\n<p>Cualquier cambio y\/o actualizaci\u00f3n al presente Aviso, le ser\u00e1 informado: en las oficinas de la Responsable y\/o en el portal de Internet de la Responsable <a href=\"https:\/\/marketing4u.com.mx\">www.marketing4u.com.mx,<\/a> y\/o a trav\u00e9s de cualquier otro medio de comunicaci\u00f3n p\u00fablico o privado (incluido redes sociales).<\/p>\n<p>[\/et_pb_text][\/et_pb_column][\/et_pb_row][et_pb_row admin_label=\u00bbFila Fecha\u00bb _builder_version=\u00bb4.27.5&#8243; _module_preset=\u00bbdefault\u00bb collapsed=\u00bbon\u00bb global_colors_info=\u00bb{}\u00bb][et_pb_column type=\u00bb4_4&#8243; _builder_version=\u00bb4.27.5&#8243; _module_preset=\u00bbdefault\u00bb global_colors_info=\u00bb{}\u00bb][et_pb_divider show_divider=\u00bboff\u00bb admin_label=\u00bb30px\u00bb _builder_version=\u00bb4.27.5&#8243; _module_preset=\u00bbdefault\u00bb height=\u00bb30px\u00bb height_tablet=\u00bb30px\u00bb height_phone=\u00bb15px\u00bb height_last_edited=\u00bboff|desktop\u00bb locked=\u00bboff\u00bb global_colors_info=\u00bb{}\u00bb][\/et_pb_divider][et_pb_text admin_label=\u00bbTexto\u00bb _builder_version=\u00bb4.27.5&#8243; _module_preset=\u00bbdefault\u00bb header_2_font=\u00bb&#8211;et_global_body_font|500|||||||\u00bb header_2_text_align=\u00bbleft\u00bb header_2_text_color=\u00bb#B2B2B2&#8243; header_2_font_size=\u00bb24px\u00bb header_5_text_align=\u00bbleft\u00bb animation_style=\u00bbnone\u00bb header_2_text_shadow_style=\u00bbnone\u00bb global_colors_info=\u00bb{}\u00bb header_2_text_color__hover_enabled=\u00bboff|desktop\u00bb]<\/p>\n<p>Fecha de \u00faltima actualizaci\u00f3n: Enero de 2026<\/p>\n<p>[\/et_pb_text][et_pb_divider show_divider=\u00bboff\u00bb admin_label=\u00bb30px\u00bb _builder_version=\u00bb4.27.5&#8243; _module_preset=\u00bbdefault\u00bb height=\u00bb30px\u00bb height_tablet=\u00bb30px\u00bb height_phone=\u00bb15px\u00bb height_last_edited=\u00bboff|desktop\u00bb locked=\u00bboff\u00bb global_colors_info=\u00bb{}\u00bb][\/et_pb_divider][\/et_pb_column][\/et_pb_row][\/et_pb_section][et_pb_section fb_built=\u00bb1&#8243; _builder_version=\u00bb4.27.5&#8243; _module_preset=\u00bbdefault\u00bb global_colors_info=\u00bb{}\u00bb][et_pb_row _builder_version=\u00bb4.27.5&#8243; _module_preset=\u00bbdefault\u00bb global_colors_info=\u00bb{}\u00bb][et_pb_column type=\u00bb4_4&#8243; _builder_version=\u00bb4.27.5&#8243; _module_preset=\u00bbdefault\u00bb global_colors_info=\u00bb{}\u00bb][et_pb_text ul_position=\u00bbinside\u00bb ul_item_indent=\u00bb15px\u00bb _builder_version=\u00bb4.27.5&#8243; _module_preset=\u00bbdefault\u00bb ul_text_color=\u00bb#B2B2B2&#8243; header_2_font=\u00bb&#8211;et_global_body_font|500|||||||\u00bb header_2_text_align=\u00bbleft\u00bb header_2_text_color=\u00bb#B2B2B2&#8243; header_2_font_size=\u00bb24px\u00bb header_5_text_align=\u00bbleft\u00bb animation_style=\u00bbnone\u00bb header_2_text_shadow_style=\u00bbnone\u00bb global_colors_info=\u00bb{%22gcid-e31bf5a3-2012-419d-ac6c-da536118ffd3%22:%91%22box_shadow_color%22,%22header_4_text_color%22,%22box_shadow_color%22,%22box_shadow_color%22,%22header_4_text_color%22,%22box_shadow_color%22,%22box_shadow_color%22,%22box_shadow_color%22,%22header_4_text_color%22,%22box_shadow_color%22%93,%22gcid-3980d6aa-2ec0-4c5b-be89-957fc32dbd88%22:%91%22header_text_color%22,%22header_text_color%22,%22header_text_color%22%93,%22gcid-heading-color%22:%91%22header_3_text_color%22,%22header_3_text_color%22,%22header_3_text_color%22%93,%22gcid-body-color%22:%91%22header_3_text_color__hover%22,%22header_3_text_color__hover%22,%22header_3_text_color__hover%22%93,%22gcid-641099b8-4097-4cc8-b7c6-2b368f40c864%22:%91%22header_5_text_color%22,%22header_5_text_color%22,%22header_5_text_color%22%93,%22gcid-5cc7add7-aa14-422e-9269-61f47ebd2382%22:%91%22header_6_text_color%22,%22header_6_text_color%22,%22header_6_text_color%22%93,%22gcid-a9465e1a-d935-4673-aa36-02eed9fc860e%22:%91%22header_2_text_color%22,%22header_2_text_color%22,%22header_2_text_color%22,%22header_2_text_color%22%93}\u00bb link_text_color__hover_enabled=\u00bbon|hover\u00bb]<\/p>\n<h2>AVISO DE PRIVACIDAD INTEGRAL<\/h2>\n<p>&nbsp;<br \/>\nIdentidad y Domicilio del Responsable, Ricardo Ferm\u00edn Leiva G\u00f3mez en representaci\u00f3n de MARKETING 4U (en adelante \u00abEl Responsable\u00bb), con domicilio ubicado en Calle Lago Zurich #219, Colonia Ampliaci\u00f3n Granada, Alcald\u00eda o Municipio , Miguel Hidalgo, C.P. 11529, en Ciudad de M\u00e9xico, y portal de internet www.marketing4u.com.mx, es el responsable del uso y protecci\u00f3n de sus datos personales, y al respecto le informamos lo siguiente:<br \/>\n&nbsp;<br \/>\n<strong>\u00bfPara qu\u00e9 fines utilizaremos sus datos personales?<\/strong> Los datos personales que recabamos de usted, los utilizaremos para las siguientes finalidades que son necesarias para el servicio que solicita:<\/p>\n<ul>\n<li>Proveer los servicios de marketing digital, dise\u00f1o web y gesti\u00f3n de redes sociales solicitados.<\/li>\n<li>Facturaci\u00f3n y cobro.<\/li>\n<li>Dar cumplimiento a obligaciones contra\u00eddas con nuestros clientes.<\/li>\n<\/ul>\n<p>&nbsp;<br \/>\nDe manera adicional, utilizaremos su informaci\u00f3n personal para las siguientes finalidades secundarias que no son necesarias para el servicio solicitado, pero que nos permiten y facilitan brindarle una mejor atenci\u00f3n:<\/p>\n<ul>\n<li>Env\u00edo de boletines informativos (Newsletter) con tips y noticias de marketing.<\/li>\n<li>Prospecci\u00f3n comercial y promoci\u00f3n de nuevos servicios.<\/li>\n<\/ul>\n<p>&nbsp;<br \/>\nEn caso de que no desee que sus datos personales se utilicen para estos fines secundarios, usted puede manifestar su negativa enviando un mensaje a trav\u00e9s del sigueinte Formulario de Contacto :[\/et_pb_text][dvppl_cf7_styler form_background_color=\u00bbgcid-heading-color\u00bb form_field_active_color=\u00bbgcid-06583b82-abe7-40d4-aea4-60ab9512f1ea\u00bb _builder_version=\u00bb4.27.5&#8243; _module_preset=\u00bbdefault\u00bb custom_margin=\u00bb30px||30px||false|false\u00bb global_colors_info=\u00bb{%22gcid-e34f3ca2-7224-432d-8ccc-aa4f155a0aeb%22:%91%22form_field_font_text_color%22,%22placeholder_text_color%22,%22form_field_font_text_color%22,%22placeholder_text_color%22,%22form_field_font_text_color%22,%22placeholder_text_color%22%93,%22gcid-heading-color%22:%91%22form_background_color%22%93,%22gcid-06583b82-abe7-40d4-aea4-60ab9512f1ea%22:%91%22form_field_active_color%22%93}\u00bb][\/dvppl_cf7_styler][et_pb_text ul_position=\u00bbinside\u00bb ul_item_indent=\u00bb15px\u00bb _builder_version=\u00bb4.27.5&#8243; _module_preset=\u00bbdefault\u00bb ul_text_color=\u00bb#B2B2B2&#8243; header_2_font=\u00bb&#8211;et_global_body_font|500|||||||\u00bb header_2_text_align=\u00bbleft\u00bb header_2_text_color=\u00bb#B2B2B2&#8243; header_2_font_size=\u00bb24px\u00bb header_5_text_align=\u00bbleft\u00bb animation_style=\u00bbnone\u00bb header_2_text_shadow_style=\u00bbnone\u00bb global_colors_info=\u00bb{%22gcid-e31bf5a3-2012-419d-ac6c-da536118ffd3%22:%91%22box_shadow_color%22,%22header_4_text_color%22,%22box_shadow_color%22,%22box_shadow_color%22,%22header_4_text_color%22,%22box_shadow_color%22,%22box_shadow_color%22%93,%22gcid-3980d6aa-2ec0-4c5b-be89-957fc32dbd88%22:%91%22header_text_color%22,%22header_text_color%22%93,%22gcid-heading-color%22:%91%22header_3_text_color%22,%22header_3_text_color%22%93,%22gcid-body-color%22:%91%22header_3_text_color__hover%22,%22header_3_text_color__hover%22%93,%22gcid-641099b8-4097-4cc8-b7c6-2b368f40c864%22:%91%22header_5_text_color%22,%22header_5_text_color%22%93,%22gcid-5cc7add7-aa14-422e-9269-61f47ebd2382%22:%91%22header_6_text_color%22,%22header_6_text_color%22%93,%22gcid-a9465e1a-d935-4673-aa36-02eed9fc860e%22:%91%22header_2_text_color%22,%22header_2_text_color%22,%22header_2_text_color%22%93}\u00bb link_text_color__hover_enabled=\u00bbon|hover\u00bb]<\/p>\n<p><strong>\u00bfQu\u00e9 datos personales utilizaremos para estos fines?<\/strong> Para llevar a cabo las finalidades descritas en el presente aviso de privacidad, utilizaremos los siguientes datos personales:<\/p>\n<ul>\n<li>Datos de identificaci\u00f3n (Nombre completo).<\/li>\n<li>Datos de contacto (Tel\u00e9fono, Correo electr\u00f3nico).<\/li>\n<li>Datos laborales (Puesto, Nombre de la empresa, Sitio web).<\/li>\n<li>Datos de facturaci\u00f3n (RFC, Domicilio fiscal).<\/li>\n<\/ul>\n<p>\u00a0<strong>Derechos ARCO (Acceso, Rectificaci\u00f3n, Cancelaci\u00f3n y Oposici\u00f3n)<\/strong> Usted tiene derecho a conocer qu\u00e9 datos personales tenemos de usted, para qu\u00e9 los utilizamos y las condiciones del uso que les damos (Acceso). Asimismo, es su derecho solicitar la correcci\u00f3n de su informaci\u00f3n personal en caso de que est\u00e9 desactualizada, sea inexacta o incompleta (Rectificaci\u00f3n); que la eliminemos de nuestros registros o bases de datos cuando considere que la misma no est\u00e1 siendo utilizada adecuadamente (Cancelaci\u00f3n); as\u00ed como oponerse al uso de sus datos personales para fines espec\u00edficos (Oposici\u00f3n). Estos derechos se conocen como derechos ARCO.<\/p>\n<p>Para el ejercicio de cualquiera de los derechos ARCO, usted deber\u00e1 presentar la solicitud respectiva enviando un mensaje mediante el Formulario de Contacto<\/p>\n<p>\u00a0<strong>Uso de tecnolog\u00edas de rastreo (Cookies)<\/strong> Le informamos que en nuestra p\u00e1gina de internet utilizamos cookies, web beacons u otras tecnolog\u00edas, a trav\u00e9s de las cuales es posible monitorear su comportamiento como usuario de internet, as\u00ed como brindarle un mejor servicio y experiencia al navegar en nuestra p\u00e1gina. Los datos personales que recabamos a trav\u00e9s de estas tecnolog\u00edas, los utilizaremos para: an\u00e1lisis de tr\u00e1fico, rendimiento del sitio y personalizaci\u00f3n de anuncios.<\/p>\n<p>\u00a0<strong>Cambios al Aviso de Privacidad<\/strong> El presente aviso de privacidad puede sufrir modificaciones, cambios o actualizaciones derivadas de nuevos requerimientos legales; de nuestras propias necesidades por los productos o servicios que ofrecemos; de nuestras pr\u00e1cticas de privacidad; o por otras causas. Nos comprometemos a mantenerlo informado sobre los cambios que pueda sufrir el presente aviso de privacidad, a trav\u00e9s de: www.marketing4u.com.mx.<\/p>\n<p>\u00a0\u00daltima actualizaci\u00f3n: Enero de 2026<\/p>\n<p>[\/et_pb_text][\/et_pb_column][\/et_pb_row][\/et_pb_section][et_pb_section fb_built=\u00bb1&#8243; disabled_on=\u00bbon|on|off\u00bb admin_label=\u00bbCortinilla\u00bb _builder_version=\u00bb4.27.5&#8243; _module_preset=\u00bbdefault\u00bb background_image=\u00bbhttps:\/\/marketing4u.com.mx\/new\/wp-content\/uploads\/2025\/12\/Fondo-Night-Sky-3840&#215;2160-1-scaled.jpg\u00bb parallax=\u00bbon\u00bb parallax_method=\u00bboff\u00bb width=\u00bb100%\u00bb module_alignment=\u00bbcenter\u00bb custom_margin=\u00bb0px|0px|0px|0px|false|false\u00bb custom_padding=\u00bb0px|0px|0px|0px|false|false\u00bb bottom_divider_style=\u00bbcurve2&#8243; bottom_divider_color=\u00bbrgba(11,11,11,0.76)\u00bb bottom_divider_height=\u00bb20px\u00bb bottom_divider_repeat=\u00bb1x\u00bb bottom_divider_flip=\u00bbvertical\u00bb bottom_divider_arrangement=\u00bbabove_content\u00bb global_module=\u00bb19986&#8243; saved_tabs=\u00bball\u00bb locked=\u00bboff\u00bb collapsed=\u00bbon\u00bb global_colors_info=\u00bb{%22gcid-1a8442e2-1d6c-43c2-904a-5b8ee1311e6e%22:%91%22bottom_divider_color%22%93}\u00bb][et_pb_row make_equal=\u00bboff\u00bb _builder_version=\u00bb4.27.4&#8243; _module_preset=\u00bbdefault\u00bb width=\u00bb100%\u00bb module_alignment=\u00bbcenter\u00bb custom_margin=\u00bb0px|0px|0px|0px|false|false\u00bb custom_padding=\u00bb0px|0px|0px|0px|false|false\u00bb global_colors_info=\u00bb{}\u00bb][et_pb_column type=\u00bb4_4&#8243; _builder_version=\u00bb4.27.4&#8243; _module_preset=\u00bbdefault\u00bb global_colors_info=\u00bb{}\u00bb][et_pb_image src=\u00bbhttps:\/\/marketing4u.com.mx\/new\/wp-content\/uploads\/2025\/12\/Nuves-2-Marketing-4U-2026-4.png\u00bb title_text=\u00bbNuves-2-Marketing-4U-2026&#8243; align=\u00bbcenter\u00bb force_fullwidth=\u00bbon\u00bb _builder_version=\u00bb4.27.5&#8243; _module_preset=\u00bbdefault\u00bb module_alignment=\u00bbcenter\u00bb custom_margin=\u00bb0px|0px|0px|0px|false|false\u00bb custom_padding=\u00bb0px|0px|0px|0px|false|false\u00bb global_colors_info=\u00bb{}\u00bb][\/et_pb_image][\/et_pb_column][\/et_pb_row][\/et_pb_section]<\/p>\n","protected":false},"excerpt":{"rendered":"<p>Aviso de privacidad para la mejor Agencia de Marketing Digital en Polanco, Miguel Hidalgo, CDMX, para todo M\u00e9xico, Espa\u00f1a y EUA.<\/p>\n","protected":false},"author":1,"featured_media":28149,"parent":0,"menu_order":0,"comment_status":"closed","ping_status":"closed","template":"","meta":{"_et_pb_use_builder":"on","_et_pb_old_content":"<p>[vc_row row_type=\"parallax\" header_style=\"qodef-dark-header\" anchor=\"Acerca de nosotros\" content_aligment=\"center\" full_screen_section_height=\"no\" parallax_background_image=\"15279\" css=\".vc_custom_1694816574435{background-color: #000000 !important;}\" el_id=\"Aviso de privacidad\"][vc_column][vc_row_inner content_width=\"grid\" content_aligment=\"center\"][vc_column_inner offset=\"vc_hidden-sm vc_hidden-xs\"][vc_empty_space height=\"100px\"][vc_single_image image=\"14949\" img_size=\"\" alignment=\"center\" onclick=\"custom_link\" css_animation=\"fadeIn\" link=\"\/\"][\/vc_column_inner][\/vc_row_inner][vc_row_inner content_width=\"grid\" content_aligment=\"center\"][vc_column_inner][vc_empty_space height=\"20px\"][vc_column_text css_animation=\"fadeIn\"]<\/p><h3 style=\"text-align: center;\">Aviso de Privacidad<\/h3><p>[\/vc_column_text][\/vc_column_inner][\/vc_row_inner][vc_row_inner content_width=\"grid\" content_aligment=\"center\"][vc_column_inner][qodef_separator position=\"center\" color=\"#9a9a9a\" border_style=\"solid\" width=\"100\" thickness=\"1\" top_margin=\"30\" bottom_margin=\"50\"][\/vc_column_inner][\/vc_row_inner][\/vc_column][\/vc_row][vc_row row_type=\"parallax\" header_style=\"qodef-dark-header\" anchor=\"Acerca de nosotros\" content_aligment=\"center\" full_screen_section_height=\"no\" css=\".vc_custom_1538671382134{background-color: #000000 !important;}\" el_id=\"Aviso de privacidad Inicio\"][vc_column][vc_row_inner content_width=\"grid\" content_aligment=\"center\"][vc_column_inner][vc_empty_space height=\"50px\"][vc_column_text]<\/p><p class=\"p1\" style=\"text-align: left;\"><b>I. Identidad y domicilio del Responsable<\/b><\/p><p>\u00a0<\/p><p class=\"p1\" style=\"text-align: left;\">Ricardo Ferm\u00edn Leiva G\u00f3mez en representaci\u00f3n de MARKETING 4U en cumplimiento a lo establecido en la Ley Federal de Protecci\u00f3n de Datos Personales en Posesi\u00f3n de los Particulares (la \u201cLey\u201d), su Reglamento y los Lineamientos del Aviso de Privacidad, hace de su conocimiento el presente aviso de privacidad integral (el \u201cAviso\u201d) el cual tiene por objeto dar a conocer a los \u201cTitulares\u201d<span class=\"s1\">[1]<\/span>\u00a0los t\u00e9rminos y condiciones del \u201cTratamiento\u201d<span class=\"s1\">[2]<\/span>\u00a0de sus \u201cDatos Personales\u201d<span class=\"s1\">[3]<\/span>.<\/p><p>\u00a0<\/p><p class=\"p1\" style=\"text-align: left;\">Para los efectos del presente Aviso, el Responsable se\u00f1ala como domicilio el ubicado en Calle Lago Zurich, Ampliaci\u00f3n Granada, C.P. 11529, Del. Miguel Hidalgo, Ciudad de M\u00e9xico, M\u00e9xico. Asimismo, se\u00f1ala como medio de contacto de su Responsable Interno de Privacidad mediante el siguiente formulario:<\/p><p>[\/vc_column_text][vc_empty_space height=\"60px\"][\/vc_column_inner][\/vc_row_inner][\/vc_column][\/vc_row][vc_row content_width=\"grid\" el_id=\"Aviso de privacidad Contact Form\"][vc_column][contact-form-7 id=\"6854\"][vc_empty_space height=\"50px\"][\/vc_column][\/vc_row][vc_row el_id=\"Aviso de privacidad Contenido\"][vc_column][vc_row_inner content_width=\"grid\" content_aligment=\"center\" css=\".vc_custom_1694816624628{background-color: rgba(0,0,0,0.4) !important;*background-color: rgb(0,0,0) !important;}\"][vc_column_inner][vc_empty_space height=\"20px\"][vc_column_text]<\/p><p class=\"p1\" style=\"text-align: left;\"><b>II. Finalidad del Tratamiento de los Datos Personales<\/b><\/p><p>\u00a0<\/p><p class=\"p1\" style=\"text-align: left;\">Los Datos Personales de los Titulares son recabados para las siguientes finalidades primarias que dan origen y son necesarias para la relaci\u00f3n jur\u00eddica entre la Responsable y el Titular:<\/p><p>\u00a0<\/p><ol class=\"ol1\" style=\"text-align: left;\"><li class=\"li1\">Asesor\u00eda, contrataci\u00f3n y operaci\u00f3n de servicios y productos de Mercadotecnia por Internet.<\/li><li class=\"li1\">Verificar y confirmar su identidad, as\u00ed como la autenticidad de la informaci\u00f3n que nos proporcione, incluyendo la de sus terceros autorizados<span class=\"s1\">[4]<\/span>\u00a0seg\u00fan resulte aplicable;<\/li><li class=\"li1\">Env\u00edo de informaci\u00f3n y\/o promociones v\u00eda email<\/li><li class=\"li1\">Integraci\u00f3n de expedientes de clientes;<\/li><li class=\"li1\">Actualizaci\u00f3n de expedientes de clientes;<\/li><li class=\"li1\">Realizaci\u00f3n de estudios de mercado de manera disociada<span class=\"s1\">[5]<\/span>;<\/li><li class=\"li1\">Atender comentarios, quejas y sugerencias;<\/li><li class=\"li1\">Para atender los requerimientos legales de las autoridades competentes.<\/li><\/ol><p>\u00a0<\/p><p class=\"p1\" style=\"text-align: left;\">Asimismo, se tratar\u00e1n los Datos Personales del Titular, para las siguientes finalidades secundarias que no son necesarias para la relaci\u00f3n jur\u00eddica entre la Responsable y el Titular, o en su car\u00e1cter de Persona F\u00edsica Relacionada, pero permiten y facilitan a la Responsable brindarle una mejor atenci\u00f3n:<\/p><p>\u00a0<\/p><ol class=\"ol1\" style=\"text-align: left;\"><li class=\"li1\">Dise\u00f1o, desarrollo, an\u00e1lisis, publicidad y\/o promoci\u00f3n de nuevos productos y servicios;<\/li><li class=\"li1\">Ofrecimiento de beneficios y descuentos sobre productos contratados, y<\/li><li class=\"li1\">Realizaci\u00f3n de encuestas.<\/li><\/ol><p>\u00a0<\/p><p class=\"p1\" style=\"text-align: left;\">El Titular podr\u00e1 negarse al Tratamiento de sus Datos Personales para alguna o todas las finalidades secundarias se\u00f1aladas a trav\u00e9s del mecanismo dise\u00f1ado por la Responsable desplegado en los apartados VI y VII del presente Aviso. La negativa para el uso de los Datos Personales del Titular para esas finalidades secundarias no ser\u00e1 motivo para que le neguemos los servicios y productos que solicita o contrata con nosotros, ni para dar por terminada la relaci\u00f3n jur\u00eddica establecida entre nosotros.<\/p><p>\u00a0<\/p><p class=\"p1\" style=\"text-align: left;\"><b>III. Datos Personales a recabar<\/b><\/p><p>\u00a0<\/p><p class=\"p1\" style=\"text-align: left;\">Para llevar a cabo las finalidades antes mencionadas ser\u00e1n objeto de Tratamiento las siguientes categor\u00edas de Datos Personales: (a) datos de identificaci\u00f3n y contacto, (b) datos de ocupaci\u00f3n y empleo, (c) datos financieros, (d)datos relacionados con la empresa en que trabaja o representa.<\/p><p>\u00a0<\/p><p class=\"p1\" style=\"text-align: left;\"><b>IV. Medios para recabar Datos Personales<\/b><\/p><p>\u00a0<\/p><p class=\"p1\" style=\"text-align: left;\">La Responsable obtendr\u00e1 los Datos Personales de las siguientes formas: (a) cuando el Titular acuda a las oficinas o sucursales de la Responsable o los funcionarios o empleados de la Responsable acudan a su domicilio, (b) cuando el Titular proporcione sus Datos Personales a trav\u00e9s de medios electr\u00f3nicos, tales como correos electr\u00f3nicos, nuestra p\u00e1gina de Internet, v\u00eda telef\u00f3nica, y\/o (c) de cualquier otra fuente de informaci\u00f3n p\u00fablicamente disponible o permitida por la normatividad aplicable.<\/p><p>\u00a0<\/p><p class=\"p1\" style=\"text-align: left;\">Los Datos Personales ser\u00e1n mantenidos en estricta confidencialidad, de conformidad con las medidas de seguridad administrativas, t\u00e9cnicas y f\u00edsicas que al efecto la Responsable cuenta en sus pol\u00edticas y procedimientos de seguridad.<\/p><p>\u00a0<\/p><p class=\"p1\" style=\"text-align: left;\"><b>V. Transferencia de Datos Personales.<\/b><\/p><p>\u00a0<\/p><p class=\"p1\" style=\"text-align: left;\">Le informamos que la Responsable \u00fanicamente podr\u00e1 realizar la \u201cTransferencia\u201d<span class=\"s1\">[6]<\/span>\u00a0de los Datos Personales a terceros autorizados y\/o su Remisi\u00f3n<span class=\"s1\">[7]<\/span>\u00a0a los \u201cEncargados\u201d<span class=\"s1\">[8]<\/span>, dentro y fuera del pa\u00eds, sin necesidad de contar con el consentimiento del Titular, en los casos permitidos por la normatividad aplicable como los siguientes: (a) a favor de su sociedad controladora o matriz, subsidiarias o afiliadas, y\/o cualquier sociedad que pertenezca al mismo grupo de la Responsable, y que operan bajo los mismos procesos y pol\u00edticas de privacidad, y acordes a las legislaciones locales en las que se encuentran (b) agentes, corresponsales y\/o terceros proveedores de servicios autorizados necesarios para la prestaci\u00f3n de los servicios o productos contratados o que pretenda contratar el Titular y\/o para el cumplimiento de las obligaciones legales de la Responsable, (c) socios comerciales con los que la Responsable lleve a cabo convenios para la prestaci\u00f3n de los servicios o productos contratados o que pretenda contratar el Titular, y\/o (d) a otras autoridades competentes y aplicables a cada caso en particular.<\/p><p>\u00a0<\/p><p class=\"p1\" style=\"text-align: left;\">Los terceros autorizados a quienes se transfieran los Datos Personales, conocen el alcance de este Aviso y asumen las mismas obligaciones de la Responsable, de conformidad con el mismo y la normatividad aplicable. En este sentido, para la Responsable, la confidencialidad y debida protecci\u00f3n de su informaci\u00f3n es de m\u00e1xima importancia, raz\u00f3n por la cual est\u00e1 comprometida a manejar su informaci\u00f3n de manera responsable, de manera confidencial y conforme a las disposiciones legales aplicables.<\/p><p>\u00a0<\/p><p class=\"p1\" style=\"text-align: left;\">El Titular que pretenda contratar los servicios o productos de la Responsable, en nombre propio o en representaci\u00f3n de terceros, acepta la Transferencia de los Datos Personales en los t\u00e9rminos antes descritos. Fuera de esos supuestos, ninguno de los Datos Personales que tratemos ser\u00e1 objeto de Transferencia, salvo previa autorizaci\u00f3n expresa de su Titular y acorde a sus intereses y expectativas razonables de privacidad que indica la normatividad en protecci\u00f3n de datos.<\/p><p>\u00a0<\/p><p class=\"p1\" style=\"text-align: left;\"><b>VI. Medios y procedimientos para ejercer los Derechos ARCO<\/b><\/p><p>\u00a0<\/p><p class=\"p1\" style=\"text-align: left;\">Todo Titular tiene derecho a conocer qu\u00e9 Datos Personales tiene la Responsable en su posesi\u00f3n leg\u00edtima, para qu\u00e9 los utiliza y las condiciones de uso que se le dan a los mismos (Acceso). Asimismo, es su derecho solicitar la correcci\u00f3n de su informaci\u00f3n personal en caso de que est\u00e9 desactualizada, sea inexacta o incompleta (Rectificaci\u00f3n); que la Responsable elimine de sus bases de datos, previo periodo legal de bloqueo en caso de que aplique, y siempre que se hayan cumplido las obligaciones y derechos legales entre el Titular y la Responsable, por lo que ha fenecido toda relaci\u00f3n jur\u00eddica entre las Partes y, por lo tanto, es procedente la supresi\u00f3n legal y t\u00e9cnica de los Datos Personales (Cancelaci\u00f3n); as\u00ed como oponerse al uso de sus Datos Personales para finalidades secundarias espec\u00edficas autorizadas por la normatividad (Oposici\u00f3n). Estos derechos se conocen internacionalmente bajo el acr\u00f3nimo \u201cDerechos ARCO\u201d.<\/p><p>\u00a0<\/p><p class=\"p1\" style=\"text-align: left;\">El Titular, o su representante legal, podr\u00e1 ejercer cualquiera de los Derechos ARCO, as\u00ed como revocar su consentimiento para el tratamiento de sus datos personales, enviando un mensaje al Responsable Interno de Privacidad de la Responsable a trav\u00e9s del formulario arriba publicado.<\/p><p>\u00a0<\/p><p class=\"p1\" style=\"text-align: left;\">En caso de que el Titular decida ejercer sus derechos ARCO, este ejercicio deber\u00e1 ser presentado a trav\u00e9s de la \u201cSolicitud ARCO\u201d (en lo sucesivo \u201cSolicitud\u201d) elaborada por la Responsable que se encuentra a su disposici\u00f3n en la p\u00e1gina web\u00a0<span class=\"s2\">http:\/\/marketing4u.com.mx<\/span>\u00a0y que contiene todos los elementos requeridos para poder atender su Solicitud, conforme a la normatividad, de manera \u00e1gil y precisa. Para que el Responsable Interno de Privacidad de la Responsable pueda darle seguimiento a la petici\u00f3n, el Titular, o su representante legal, deber\u00e1 acreditar correctamente su identidad, para lo que es necesario que complete todos los campos indicados en la Solicitud y que acompa\u00f1e la misma con copia de alguna de las identificaciones oficiales vigentes que en ella se se\u00f1alan.<\/p><p>\u00a0<\/p><p class=\"p1\" style=\"text-align: left;\">En caso de que la informaci\u00f3n proporcionada en la Solicitud, sea err\u00f3nea o insuficiente, o bien, no se acompa\u00f1en los documentos de acreditaci\u00f3n correspondientes, el Responsable Interno de Privacidad de la Responsable podr\u00e1, a m\u00e1s tardar, dentro de los cinco (5) d\u00edas h\u00e1biles siguientes a la recepci\u00f3n de la Solicitud, requerirle que aporte los elementos, la informaci\u00f3n o los documentos necesarios para dar tr\u00e1mite a la misma. El Titular contar\u00e1 con diez (10) d\u00edas h\u00e1biles para atender el requerimiento, contados a partir del d\u00eda siguiente en que lo haya recibido. De no dar respuesta en dicho plazo, se tendr\u00e1 por no presentada la Solicitud correspondiente.<\/p><p>\u00a0<\/p><p class=\"p1\" style=\"text-align: left;\">El Responsable Interno de Privacidad le comunicar\u00e1 al Titular la determinaci\u00f3n adoptada, en un plazo m\u00e1ximo de veinte (20) d\u00edas h\u00e1biles contados desde la fecha en que se recibi\u00f3 la Solicitud, a efecto de que, si resulta procedente, haga efectiva la misma dentro de los quince (15) d\u00edas h\u00e1biles siguientes a que se comunique la respuesta. La resoluci\u00f3n a la Solicitud le ser\u00e1 entregada al Titular a trav\u00e9s de copias simples y\/o documentos electr\u00f3nicos y\/o formularios, sistemas u otros m\u00e9todos simplificados, dependiendo del Derecho ARCO que aplique en cada caso. Tambi\u00e9n se le entregar\u00e1 una constancia que certifica el efectivo ejercicio de su Derecho ARCO.<\/p><p>\u00a0<\/p><p class=\"p1\" style=\"text-align: left;\"><b>VII. Revocaci\u00f3n de consentimiento<\/b><\/p><p>\u00a0<\/p><p class=\"p1\" style=\"text-align: left;\">Como Titular, puede revocar el consentimiento que, en su caso, haya otorgado a la Responsable para el Tratamiento de sus Datos Personales, de conformidad con la normatividad aplicable. Sin embargo, es importante que tenga en cuenta lo siguiente: (a) no en todos los casos podremos atender su solicitud o concluir el uso de sus Datos Personales de forma inmediata, ya que es posible que estemos obligados legalmente a seguir trat\u00e1ndolos y (b) para ciertos fines, la revocaci\u00f3n de su consentimiento implicar\u00e1 que no le podamos seguir prestando el servicio solicitado o que sea necesario concluir su relaci\u00f3n con nosotros por tratarse de una finalidad primaria necesaria para el correcto desempe\u00f1o de los servicios y\/o productos contratados por usted.<\/p><p>\u00a0<\/p><p class=\"p1\" style=\"text-align: left;\">Los requisitos para acreditar su identidad, as\u00ed como el procedimiento para atender su solicitud de revocaci\u00f3n de consentimiento, se regir\u00e1n por los mismos criterios se\u00f1alados en el inciso VI del presente Aviso. En caso de que su Solicitud resulte procedente, el Responsable Interno de Privacidad lo registrar\u00e1 en el listado de exclusi\u00f3n interno de la Responsable y, como resultado, cesar\u00e1 el tratamiento de sus datos personales avocado a la finalidad para la cual es aplicable la exclusi\u00f3n.<\/p><p>\u00a0<\/p><p class=\"p1\" style=\"text-align: left;\"><b>VIII. Opciones y medios para limitar el uso o divulgaci\u00f3n de Datos Personales<\/b><\/p><p>\u00a0<\/p><p class=\"p1\" style=\"text-align: left;\">En caso de que el Titular requiera que sus Datos Personales no sean utilizados para recibir publicidad o promociones, usted podr\u00e1 limitar el uso y\/o divulgaci\u00f3n de sus Datos Personales enviando un mensaje al Responsable Interno de Privacidad de la Responsable a trav\u00e9s del formulario arriba publicado.<\/p><p>\u00a0<\/p><p>\u00a0<\/p><p class=\"p1\" style=\"text-align: left;\">Los requisitos para acreditar su identidad, as\u00ed como el procedimiento para atender su solicitud de limitar el uso y\/o divulgaci\u00f3n de sus Datos Personales, se regir\u00e1n por los mismos criterios se\u00f1alados en el inciso VI del presente Aviso. En caso de que su solicitud resulte procedente, el Responsable Interno de Privacidad lo registrar\u00e1 en el listado de exclusi\u00f3n interno de la Responsable y, como resultado, cesar\u00e1 el tratamiento de sus Datos Personales avocado a la finalidad para la cual es aplicable la exclusi\u00f3n.<\/p><p>\u00a0<\/p><p class=\"p1\" style=\"text-align: left;\"><b>IX. Uso de \u201ccookies\u201d<\/b><\/p><p>\u00a0<\/p><p class=\"p1\" style=\"text-align: left;\">La Responsable utiliza \u201ccookies\u201d y otras tecnolog\u00edas a trav\u00e9s de las cuales es posible monitorear su comportamiento como usuario de Internet, brindarle un mejor servicio y experiencia de usuario al navegar en nuestra p\u00e1gina, as\u00ed como ofrecerle nuevos productos y servicios basados en sus preferencias.<\/p><p>\u00a0<\/p><p class=\"p1\" style=\"text-align: left;\">Los Datos Personales que obtenemos de esas tecnolog\u00edas de rastreo son los siguientes: horario de navegaci\u00f3n, tiempo de navegaci\u00f3n en nuestra p\u00e1gina de Internet, secciones consultadas y p\u00e1ginas de Internet accedidas previo a la nuestra.<\/p><p>\u00a0<\/p><p class=\"p1\" style=\"text-align: left;\">Las Transferencias y, en su caso, remisiones de esos Datos Personales estar\u00e1n sujetas a lo previsto en el apartado V anterior.<\/p><p>\u00a0<\/p><p class=\"p1\" style=\"text-align: left;\">La configuraci\u00f3n de su equipo puede aceptar \u201ccookies\u201d autom\u00e1ticamente, pero si lo prefiere, puede modificar la configuraci\u00f3n de su equipo para rechazarlas. Si elige rechazar las \u201ccookies\u201d no ser\u00e1 posible para la Responsable almacenar sus preferencias en el sitio web.<\/p><p>\u00a0<\/p><p class=\"p1\" style=\"text-align: left;\"><b>X. Modificaciones y actualizaciones al presente aviso de privacidad<\/b><\/p><p>\u00a0<\/p><p class=\"p1\" style=\"text-align: left;\">Cualquier cambio y\/o actualizaci\u00f3n al presente Aviso, le ser\u00e1 informado: en las oficinas de la Responsable y\/o en el portal de Internet de la Responsable http:\/\/marketing4u.com.mx, y\/o a trav\u00e9s de cualquier otro medio de comunicaci\u00f3n p\u00fablico o privado (incluido redes sociales).<\/p><p>\u00a0<\/p><p class=\"p1\" style=\"text-align: left;\">Fecha de \u00faltima actualizaci\u00f3n: Junio de 2021<\/p><p>[\/vc_column_text][vc_empty_space height=\"60px\"][\/vc_column_inner][\/vc_row_inner][\/vc_column][\/vc_row][vc_row content_width=\"grid\" content_aligment=\"center\" el_id=\"Aviso de privacidad de Agencia de Marketing Digital en Polanco, CDMX, antes DF, M\u00e9xico.\" css=\".vc_custom_1694816636657{padding-top: 20px !important;padding-bottom: 20px !important;background-color: #000000 !important;}\"][vc_column][vc_column_text]<\/p><h1 style=\"text-align: center;\">Aviso de privacidad de Agencia de Marketing Digital en Polanco, CDMX, antes DF, M\u00e9xico.<\/h1><p>[\/vc_column_text][\/vc_column][\/vc_row]<\/p>","_et_gb_content_width":"","footnotes":""},"class_list":["post-6739","page","type-page","status-publish","has-post-thumbnail","hentry"],"_links":{"self":[{"href":"https:\/\/marketing4u.com.mx\/new\/wp-json\/wp\/v2\/pages\/6739","targetHints":{"allow":["GET"]}}],"collection":[{"href":"https:\/\/marketing4u.com.mx\/new\/wp-json\/wp\/v2\/pages"}],"about":[{"href":"https:\/\/marketing4u.com.mx\/new\/wp-json\/wp\/v2\/types\/page"}],"author":[{"embeddable":true,"href":"https:\/\/marketing4u.com.mx\/new\/wp-json\/wp\/v2\/users\/1"}],"replies":[{"embeddable":true,"href":"https:\/\/marketing4u.com.mx\/new\/wp-json\/wp\/v2\/comments?post=6739"}],"version-history":[{"count":85,"href":"https:\/\/marketing4u.com.mx\/new\/wp-json\/wp\/v2\/pages\/6739\/revisions"}],"predecessor-version":[{"id":29031,"href":"https:\/\/marketing4u.com.mx\/new\/wp-json\/wp\/v2\/pages\/6739\/revisions\/29031"}],"wp:featuredmedia":[{"embeddable":true,"href":"https:\/\/marketing4u.com.mx\/new\/wp-json\/wp\/v2\/media\/28149"}],"wp:attachment":[{"href":"https:\/\/marketing4u.com.mx\/new\/wp-json\/wp\/v2\/media?parent=6739"}],"curies":[{"name":"wp","href":"https:\/\/api.w.org\/{rel}","templated":true}]}}